{"id":32,"date":"2020-12-19T11:06:59","date_gmt":"2020-12-19T10:06:59","guid":{"rendered":"http:\/\/www.retrofever.fr\/?page_id=32"},"modified":"2026-04-23T10:51:28","modified_gmt":"2026-04-23T08:51:28","slug":"concerts","status":"publish","type":"page","link":"https:\/\/www.retrofever.fr\/index.php\/concerts\/","title":{"rendered":"<div id=\"concerts\">Concerts<\/div>"},"content":{"rendered":"<div id=\"fb-root\"><\/div>\n\n<p class=\"has-text-align-center\"><em>&#8220;Si tu ne vas pas au dance-floor, le dance-floor viendra \u00e0 toi&#8221;<\/em> : John Travolta<br><\/p>\n\n\n\n<p class=\"has-text-align-center\"><strong><span style=\"text-decoration: underline;\">Concerts 2026<\/span><\/strong><\/p>\n\n\n\n<p class=\"has-text-align-center\"><span style=\"text-decoration: underline;\">11 avril<\/span> : Carnaval de Lespinasse<br><span style=\"text-decoration: underline;\">24 mai<\/span> : Pentecote \u00e0 Vic Fezensac<br><span style=\"text-decoration: underline;\">6 juin<\/span> : Mirepoix<br><span style=\"text-decoration: underline;\">21 juin<\/span> : F\u00eate de la musique &#8211; Albi<br><span style=\"text-decoration: underline;\">13 juillet<\/span> : F\u00eate Nationale &#8211; Figeac<br><span style=\"text-decoration: underline;\">19 juillet<\/span> : Les baladins &#8211; Cadillac<br><span style=\"text-decoration: underline;\">23 juillet<\/span> : L&#8217;oreille en place &#8211; Labastide d&#8217;Armagnac<br><span style=\"text-decoration: underline;\">14 ao\u00fbt<\/span> : F\u00eates de Monlandier<br><span style=\"text-decoration: underline;\">20 ao\u00fbt<\/span> : Brasserie Auros &#8211; Corde sur Ciel<br><span style=\"text-decoration: underline;\">21 ao\u00fbt<\/span> : F\u00eates de Saverdun<br><span style=\"text-decoration: underline;\">28 ao\u00fbt<\/span> : 31 notes d&#8217;\u00e9t\u00e9 &#8211; Buzet sur Tarn<br><span style=\"text-decoration: underline;\">27 et 28 novembre<\/span> : Concerts des 5 ans &#8211; Le Taquin, Toulouse<\/p>\n\n\n\n<p><\/p>\n\n\n\n<p class=\"has-text-align-center\"><strong><span style=\"text-decoration: underline;\">Concerts 2025<\/span><\/strong><\/p>\n\n\n\n<p class=\"has-text-align-center\"><span style=\"text-decoration: underline;\">23 mai<\/span> : Resto du Lac, Cancon<br><span style=\"text-decoration: underline;\">24 mai<\/span> : Les Folies Vocales, Agen<br><span style=\"text-decoration: underline;\">7 juin<\/span> : Mariage, Monflanquin (priv\u00e9)<br><span style=\"text-decoration: underline;\">21 juin<\/span> : Mariage, Carcassonne (priv\u00e9)<br><span style=\"text-decoration: underline;\">28 juin<\/span> : Anniversaire, Toulouse (priv\u00e9)<br><span style=\"text-decoration: underline;\">3 juillet<\/span> : Jazz \u00e0 Oloron Sainte Marie<br><span style=\"text-decoration: underline;\">13 juillet<\/span> : Serignan<br><span style=\"text-decoration: underline;\">14 juillet<\/span> : F\u00eate nationale, Saint Flour<br><span style=\"text-decoration: underline;\">19 juillet<\/span> : Amusica\u00f1a, Amou<br><span style=\"text-decoration: underline;\">3 ao\u00fbt<\/span> : Serignan<br><span style=\"text-decoration: underline;\">8 ao\u00fbt<\/span> : Lac de Sede, Saint Gaudens<br><span style=\"text-decoration: underline;\">15 ao\u00fbt<\/span> : LudoLac, Lavaur<br><span style=\"text-decoration: underline;\">17 ao\u00fbt<\/span> : F\u00eates de Grimaud<br><span style=\"text-decoration: underline;\">26 ao\u00fbt<\/span> : Guinguette de Parisot<br><span style=\"text-decoration: underline;\">29 ao\u00fbt<\/span> : Feria de Carcassonne<br><span style=\"text-decoration: underline;\">27 septembre<\/span> : Mariage Dordogne (priv\u00e9)<br><span style=\"text-decoration: underline;\">11 octobre<\/span> : Salle Terraviva, Venerque<br><span style=\"text-decoration: underline;\">13 d\u00e9cembre<\/span> : Le Taquin, Toulouse<\/p>\n\n\n\n<p><\/p>\n\n\n\n<p class=\"has-text-align-center\"><span style=\"text-decoration: underline;\"><strong>Concerts 2024<\/strong><br><\/span><br><span style=\"text-decoration: underline;\">13 janvier<\/span> : Bear&#8217;s House, Toulouse<br><span style=\"text-decoration: underline;\">15 juin<\/span> : Mielan<br><span style=\"text-decoration: underline;\">5 juillet<\/span> : Eph\u00e9m\u00e8re Guinguette, Lacroix Falgarde<br><span style=\"text-decoration: underline;\">9 juillet<\/span> : Les Rues&#8217;Cambolesques, Castres<br><span style=\"text-decoration: underline;\">20 juillet<\/span> : Castelnau d&#8217;Auzan<br><span style=\"text-decoration: underline;\">3 ao\u00fbt<\/span> : FestiLac, Parisot<br><span style=\"text-decoration: underline;\">23 ao\u00fbt<\/span> : 31 notes d&#8217;\u00e9t\u00e9, Donneville<br><span style=\"text-decoration: underline;\">24 ao\u00fbt<\/span> : Loubens Lauraguais<br><span style=\"text-decoration: underline;\">14 septembre<\/span> : Monflanquin<br><span style=\"text-decoration: underline;\">28 septembre<\/span> : La Tuilerie<br><span style=\"text-decoration: underline;\">12 octobre<\/span> : MJC Empalot, Toulouse<br><span style=\"text-decoration: underline;\">2 novembre<\/span> : Bear&#8217;s House, Toulouse<br><span style=\"text-decoration: underline;\">13 d\u00e9cembre<\/span> : Le Taquin, Toulouse<br><br><\/p>\n\n\n\n<p class=\"has-text-align-center\"><strong><span style=\"text-decoration: underline;\">2023<\/span><\/strong><\/p>\n\n\n\n<p class=\"has-text-align-center\"><span style=\"text-decoration: underline;\">12 janvier<\/span> : Pavillon R\u00e9publique, Toulouse<br><span style=\"text-decoration: underline;\">15 janvier<\/span> : Le Natio, Revel<br><span style=\"text-decoration: underline;\">8 avril<\/span> : Le Taquin, Toulouse<br><span style=\"text-decoration: underline;\">27 mai<\/span> : Asinerie d&#8217;en Manaou, Thil<br><span style=\"text-decoration: underline;\">24 juin<\/span> : Hotel Dieu, Toulouse<br><span style=\"text-decoration: underline;\">30 juin<\/span> : Ch\u00e2teau Giscours, Labarde<br><span style=\"text-decoration: underline;\">7 juillet<\/span> : Resto du Lac, Cancon<br><span style=\"text-decoration: underline;\">8 juillet<\/span> : Les Rues&#8217;Cambolesques, Castres<br><span style=\"text-decoration: underline;\">15 juillet<\/span> : Les Poissons Volants, Parisot<br><span style=\"text-decoration: underline;\">17 ao\u00fbt<\/span> : Saint Flour<br><span style=\"text-decoration: underline;\">26 ao\u00fbt<\/span> : Maison de la Terre, Poucharramet<br><span style=\"text-decoration: underline;\">8 septembre<\/span> : Halle de Levignac<br><span style=\"text-decoration: underline;\">14 septembre<\/span> : Domaine St Nicolas, Montech<br><span style=\"text-decoration: underline;\">30 septembre<\/span> : Beauregard, Lot<br><span style=\"text-decoration: underline;\">24 novembre<\/span> : Caf\u00e9 Ginette, Toulouse<\/p>\n\n\n\n<p class=\"has-text-align-center\"><strong><span style=\"text-decoration: underline;\">2022<\/span><\/strong><\/p>\n\n\n\n<p class=\"has-text-align-center\"><span style=\"text-decoration: underline;\">26 mars<\/span> : Breughel l&#8217;Ancien, Toulouse<br><span style=\"text-decoration: underline;\">15 avril<\/span> : Caf\u00e9 Ginette, Toulouse<br><span style=\"text-decoration: underline;\">6 mai<\/span> : Bellegarde Sainte Marie<br><span style=\"text-decoration: underline;\">28 mai<\/span> : Castillon Debats<br><span style=\"text-decoration: underline;\">4 juin<\/span> : Segoufielle<br><span style=\"text-decoration: underline;\">13 juillet<\/span> : Fac du Mirail, Toulouse<br><span style=\"text-decoration: underline;\">29 juillet<\/span> : Restaurant du Lac, Cancon<br><span style=\"text-decoration: underline;\">13 ao\u00fbt<\/span> : Les Poissons Volants, Parisot<br><span style=\"text-decoration: underline;\">2 octobre<\/span> : L&#8217;\u00e9table de Mixage<br><span style=\"text-decoration: underline;\">14 octobre<\/span> : L&#8217;Impro, Toulouse<br><span style=\"text-decoration: underline;\">25 octobre<\/span> : Breughel l&#8217;Ancien, Toulouse<br><span style=\"text-decoration: underline;\">10 d\u00e9cembre<\/span> : Grenade sur Garonne<br><br><\/p>\n\n\n\n<p class=\"has-text-align-center\"><strong><span style=\"text-decoration: underline;\">2021<\/span><\/strong><\/p>\n\n\n\n<p class=\"has-text-align-center\"><span style=\"text-decoration: underline;\">25 juin<\/span> : Music&#8217;Halle, Toulouse<br><span style=\"text-decoration: underline;\">20 ao\u00fbt<\/span> : Guinguette Eph\u00e9m\u00e8re, Lacroix Falgarde<br><span style=\"text-decoration: underline;\">4 d\u00e9cembre<\/span> : Le Taquin, Toulouse<br><span style=\"text-decoration: underline;\">11 d\u00e9cembre<\/span> : Relais Montagnard, Bonac Irazein<br><br>Suivez notre actualit\u00e9 sur notre page Facebook !<br><\/p>\n\n\n\n<div class=\"facebook-centered\"><div class=\"fb-page\" data-href=\"https:\/\/www.facebook.com\/retrofeverbrass\/\" data-width=\"600\" data-height=\"500\" data-tabs=\"timeline,events,messages\" data-hide-cover=\"false\" data-show-facepile=\"false\" data-hide-cta=\"false\" data-small-header=\"false\" data-adapt-container-width=\"true\"><\/div><\/div>\n","protected":false},"excerpt":{"rendered":"<p>&#8220;Si tu ne vas pas au dance-floor, le dance-floor viendra \u00e0 toi&#8221; : John Travolta Concerts 2026 11 avril : Carnaval de Lespinasse24 mai : Pentecote \u00e0 Vic Fezensac6 juin : Mirepoix21 juin : F\u00eate de la musique &#8211; Albi13 juillet : F\u00eate Nationale &#8211; Figeac19 juillet : Les baladins &#8211; Cadillac23 juillet : L&#8217;oreille &hellip; <\/p>\n<p class=\"link-more\"><a href=\"https:\/\/www.retrofever.fr\/index.php\/concerts\/\" class=\"more-link\">Continue reading<span class=\"screen-reader-text\"> &#8220;<\/p>\n<div id=\"concerts\">Concerts<\/div>\n<p>&#8220;<\/span><\/a><\/p>\n","protected":false},"author":1,"featured_media":392,"parent":0,"menu_order":0,"comment_status":"closed","ping_status":"closed","template":"","meta":[],"_links":{"self":[{"href":"https:\/\/www.retrofever.fr\/index.php\/wp-json\/wp\/v2\/pages\/32"}],"collection":[{"href":"https:\/\/www.retrofever.fr\/index.php\/wp-json\/wp\/v2\/pages"}],"about":[{"href":"https:\/\/www.retrofever.fr\/index.php\/wp-json\/wp\/v2\/types\/page"}],"author":[{"embeddable":true,"href":"https:\/\/www.retrofever.fr\/index.php\/wp-json\/wp\/v2\/users\/1"}],"replies":[{"embeddable":true,"href":"https:\/\/www.retrofever.fr\/index.php\/wp-json\/wp\/v2\/comments?post=32"}],"version-history":[{"count":64,"href":"https:\/\/www.retrofever.fr\/index.php\/wp-json\/wp\/v2\/pages\/32\/revisions"}],"predecessor-version":[{"id":803,"href":"https:\/\/www.retrofever.fr\/index.php\/wp-json\/wp\/v2\/pages\/32\/revisions\/803"}],"wp:featuredmedia":[{"embeddable":true,"href":"https:\/\/www.retrofever.fr\/index.php\/wp-json\/wp\/v2\/media\/392"}],"wp:attachment":[{"href":"https:\/\/www.retrofever.fr\/index.php\/wp-json\/wp\/v2\/media?parent=32"}],"curies":[{"name":"wp","href":"https:\/\/api.w.org\/{rel}","templated":true}]}}